{"id":33,"date":"2016-03-06T21:30:35","date_gmt":"2016-03-06T21:30:35","guid":{"rendered":"http:\/\/moinhodocomandante.com\/?page_id=33"},"modified":"2020-12-13T13:48:19","modified_gmt":"2020-12-13T13:48:19","slug":"verlinks","status":"publish","type":"page","link":"http:\/\/moinhodocomandante.com\/en\/verlinks\/","title":{"rendered":"See\/Links"},"content":{"rendered":"<h3>Information<\/h3>\n<hr \/>\n<div class=\"col-xs-12 col-ms-12\">\n<p><\/br><\/br><strong>Faial<\/strong><\/p>\n<p><strong>Farmacy<\/strong><br \/>\nClose to the first roundup in entrance way Funchal &#8211; Santana<br \/>\n291 572 110 \/ 291 572 113 <a href=\"mailto:ana.reiscardoso@gmail.com\" target=\"_blank\">ana.reiscardoso@gmail.com<\/a><br \/>\nSunday to Friday 09-13:00 \/ 14-20:00<br \/>\nSaturday \u00a0\u00a0\u00a0\u00a0\u00a0\u00a0\u00a0\u00a009-13:00<\/p>\n<p><strong>Centro de Sa\u00fade \u00ab \u00bb Health Care<\/strong><br \/>\nEstrada Regional 213 do Faial, no 96, S\u00edtio do Guindaste, 9230-052 FAIAL<br \/>\n291 572 302 \/ <a href=\"mailto:cs.faial@srs.pt\" target=\"_blank\">cs.faial@srs.pt<\/a><\/p>\n<hr \/>\n<\/div>\n<div class=\"col-xs-12 col-ms-12\"><strong>Santana<\/strong><br \/>\n<strong>Farm\u00e1cia Solange NEAR OF TOWN HALL<\/strong><br \/>\nS\u00edtio do Serrado, Rua Jo\u00e3o de Almada, frac\u00e7\u00e3o B, 2 R\/CH,\u00a0Santana<br \/>\n9230-107 &#8211;\u00a0Santana<br \/>\n291 570\u00a0060<br \/>\n<span style=\"color: cornflowerblue;\">Farm\u00e1cia aberta durante o hor\u00e1rio de expediente e posteriormente dispon\u00edvel por telefone.<\/span><br \/>\nDiretor: Maria Solanja Rodrigues Vasconcelos<\/p>\n<p><strong>Centro de Sa\u00fade \u00ab \u00bb Health Care<\/strong><br \/>\nAvenida Manuel Marques da Trindade S\u00edtio do Serrado, 9230-116 SANTANA<br \/>\n291 570 300 \/ 291 570 310 \/ 291 572 901 \/ <a href=\"mailto:cs.santana@srs.pt\" target=\"_blank\">cs.santana@srs.pt<\/a><\/p>\n<p><strong>PSP &#8211; Police<\/strong><br \/>\nRua da Achada do Pampilhar, no 12, Achada do Pampilhar, 9230 \u2013 083 SANTANA<br \/>\n291 572 403 \/ 291 572 967 <a href=\"mailto:jmreis@psp.pt\" target=\"_blank\">jmreis@psp.pt<\/a><br \/>\n<strong>Bombeiros &#8211; Fire<\/strong><br \/>\nSede: Estrada Jos\u00e9 Gon\u00e7alves, no 16 9230 \u2013 106 Santana<br \/>\n570 110 \/ 291 570 115 <a href=\"mailto:sec.associacao@bvs.pt\" target=\"_blank\">sec.associacao@bvs.pt<\/a><br \/>\n<strong>Civil Protection<\/strong><br \/>\n&nbsp;&nbsp;&nbsp;&nbsp;&nbsp;&nbsp;&nbsp;&nbsp;&nbsp;&nbsp;&nbsp;&nbsp;&nbsp;&nbsp;<span style=\"color: red;\"><b>112 Emergency<\/b><br \/>\n&nbsp;&nbsp;&nbsp;&nbsp;&nbsp;&nbsp;&nbsp;&nbsp;&nbsp;&nbsp;&nbsp;&nbsp;&nbsp;&nbsp;+ 351 291 700 110 \/ 291 700 116<br \/>\n&nbsp;&nbsp;&nbsp;&nbsp;&nbsp;&nbsp;&nbsp;&nbsp;&nbsp;&nbsp;&nbsp;&nbsp;&nbsp;&nbsp;+ 351 967 530 500<\/span><\/p>\n<hr\/>\n<\/div>\n<h3>Sites<\/h3>\n<div class=\"col-xs-12 col-ms-12\"><strong>Airport<\/strong><a href=\"http:\/\/www.ana.pt\/pt-PT\/Aeroportos\/Madeira\/Funchal_PT\/OAeroporto\/ConhecaoAeroporto\/Paginas\/Conheca-o-Aeroporto.aspx\" target=\"_blank\"> www.ana.pt&nbsp;&nbsp;&nbsp;&nbsp;&nbsp;&nbsp;&nbsp;&nbsp;&nbsp;&nbsp;Very Good<\/a><\/div>\n<div class=\"col-xs-12 col-ms-12\"><strong>Santana<\/strong> <a href=\"http:\/\/www.cm-santana.com\/pt\/\" target=\"_blank\"> www.cm-santana.com<\/a><\/div>\n<div class=\"col-xs-12 col-ms-12\"><strong>Machico<\/strong><a href=\"http:\/\/www.cm-machico.pt\/\" target=\"_blank\"> www.cm-machico.pt<\/a><\/div>\n<div class=\"col-xs-12 col-ms-12\"><strong>Funchal<\/strong><a href=\"http:\/\/www.cm-funchal.pt\/\" target=\"_blank\"> www.cm-funchal.pt<\/a><\/p>\n<hr \/>\n<\/div>\n<h3>Feats<\/h3>\n<div class=\"col-xs-12 col-ms-12\"><strong>2016 \u2013 2020 Local Festivals<\/strong><br \/>\n Calend\u00e1rio de Anima\u00e7\u00e3o Tur\u00edstica 2016-2020<\/a><br \/>\n Tourist Entertainment Calendar 2016-2020<\/a><br \/>\n Touristischer Unterhaltungskanlendar 2016-2020<\/a><br \/>\n Calendrier D&#8217;Animation Touristique 2016-2020<\/a><br \/>\n Calendario de Animaci\u00f3n Tur\u00edstica 2016-2020<\/a><\/div>\n<div class=\"col-xs-12 col-ms-12\"><strong>Faj\u00e3 Grande<\/strong>\u00a0\u00a0\u00a0\u00a0\u00a0June, \u00a0\u00a0\u00a0\u00a0\u00a0\u00a0\u00a0Santo Ant\u00f3nio day<\/div>\n<div class=\"col-xs-12 col-ms-12\"><strong>Faial<\/strong>\u00a0\u00a0\u00a0\u00a0\u00a0\u00a0\u00a0\u00a0\u00a0\u00a0\u00a0Septembre, \u00a0\u00a0Camp<br \/>\n&nbsp;&nbsp;&nbsp;&nbsp;&nbsp;&nbsp;&nbsp;&nbsp;&nbsp;&nbsp;&nbsp;&nbsp;&nbsp;&nbsp;&nbsp;&nbsp;March, \u00a0\u00a0\u00a0\u00a0\u00a0\u00a0Festa da anona<\/div>\n<div class=\"col-xs-12 col-ms-12\"><strong>Santana<\/strong>\u00a0\u00a0\u00a0\u00a0\u00a0\u00a0\u00a0\u00a0\u00a0February, \u00a0\u00a0\u00a0carnaval dos compadres<br \/>\n&nbsp;&nbsp;&nbsp;&nbsp;&nbsp;&nbsp;&nbsp;&nbsp;&nbsp;&nbsp;&nbsp;&nbsp;&nbsp;&nbsp;&nbsp;&nbsp;July, \u00a0\u00a0\u00a0\u00a0\u00a0\u00a0\u00a0festa da padroeira<br \/>\n&nbsp;&nbsp;&nbsp;&nbsp;&nbsp;&nbsp;&nbsp;&nbsp;&nbsp;&nbsp;&nbsp;&nbsp;&nbsp;&nbsp;&nbsp;&nbsp;&nbsp;&nbsp;&nbsp;&nbsp;&nbsp;&nbsp;&nbsp;&nbsp;&nbsp;&nbsp;&nbsp;&nbsp;&nbsp;24 horas a bailar<br \/>\n&nbsp;&nbsp;&nbsp;&nbsp;&nbsp;&nbsp;&nbsp;&nbsp;&nbsp;&nbsp;&nbsp;&nbsp;&nbsp;&nbsp;&nbsp;&nbsp;&nbsp;&nbsp;&nbsp;&nbsp;&nbsp;&nbsp;&nbsp;&nbsp;&nbsp;&nbsp;&nbsp;&nbsp;&nbsp;semana gastron\u00f3mica<\/p>\n<hr \/>\n<\/div>\n<h3>Tourism<\/h3>\n<div class=\"col-xs-12 col-ms-12\"><img decoding=\"async\" style=\"display: block; height: 200px; margin: auto;\" src=\"http:\/\/moinhodocomandante.com\/wp-content\/uploads\/2016\/03\/27122db7-96db-44d9-a027-d2047d5572ac.jpg\" \/><\/p>\n<p style=\"font-size: 12px; text-align: center;\">Natural Reserve da Rocha do Navio &#8211; Carlos Freitas<\/p>\n<p>&nbsp;<\/p>\n<\/div>\n<p style=\"line-height: 1.5;\"><strong>Santana<\/strong>. This region from sea to the montains have a wonderfull and unique views.<br \/>\n<strong>Laurissilva Florest<\/strong> \u00a0\u00a0\u00a0\u00a0\u00a0\u00a0\u00a0\u00a0\u00a0\u00a0\u00a0\u00a0\u00a0\u00a0\u00a0\u00a0\u00a0\u00a0\u00a0\u00a0\u00a0World Heritage Unesco.<br \/>\nWorld Biosphere Reserve\u00a0\u00a0\u00a0\u00a0\u00a0\u00a0\u00a0\u00a0\u00a0\u00a0\u00a0\u00a0\u00a0\u00a0\u00a0&nbsp;&nbsp;&nbsp;World Heritage Unesco<br \/>\n<strong>Natural Reserve, Rocha do Navio<\/strong> \u00a0\u00a0\u00a0\u00a0\u00a0\u00a0\u00a0\u00a0\u00a0Rede Natura 2000<br \/>\nSantana &#8211; S. Jorge, S\u00edtio da Rocha do Navio e o Sitio do Calhau de S. Jorge.<br \/>\n<strong>Achada do Teixeira<\/strong> e o <strong>Pico Ruivo<\/strong>.<br \/>\n<strong>Casas T\u00edpicas de Santana<\/strong> \u00a0\u00a0\u00a0\u00a0\u00a0\u00a0\u00a0\u00a0\u00a0\u00a0\u00a0\u00a0\u00a0\u00a0\u00a0\u00a0Cultural heritage<br \/>\n<strong>Casas T\u00edpicas de S\u00e3o Jorge.<\/strong><br \/>\n<strong>Levadas \/ Trakings:<br \/>\nCaldeir\u00e3o Verde, Do Rei, Portela, Balc\u00f5es, Pico do Areeiro, Pico Ruivo, Nogueira,<br \/>\nMiradouros<\/strong> Magnificient, <strong>Balc\u00f5es e Beira da Quinta<\/strong><br \/>\n<strong>Caminhos Reais<\/strong>, the old Royal Roads, that linked Santana to Funchal, passing by the Moinho do Comandante, before, Moinho da Faj\u00e3 do Cedro Gordo.<br \/>\n<strong>Caminho Real<\/strong> n\u00ba23 entre Santana &#8211; S. Jorge e Arco de S. Jorge &#8211; Boaventura.<br \/>\nVulcanic Beaches <strong>of Faial e S\u00e3o Jorge.<\/strong><br \/>\n<strong>S\u00e3o Jorge Church<\/strong>, from XVIII century. More &#8230;<\/p>\n<p><strong>Faj\u00e3 Grande \u00a0Chapel<\/strong><br \/>\n<strong>Faial \u00a0\u00a0\u00a0\u00a0\u00a0\u00a0\u00a0Church<\/strong><br \/>\n<strong>Santana \u00a0\u00a0\u00a0\u00a0\u00a0Church<\/strong><br \/>\n<strong>JW\u00a0\u00a0\u00a0\u00a0\u00a0\u00a0\u00a0\u00a0\u00a0\u00a0\u00a0Kingdom Hall<\/strong> of Jehovah&#8217;s Witnesses<\/p>\n<hr \/>\n<p><strong>MEALS \u2013 NEARBY RESTAURANTS &nbsp;&nbsp;&nbsp;&nbsp;&nbsp;&nbsp;&nbsp;&nbsp;&nbsp;&nbsp;&nbsp;&nbsp;&nbsp;&nbsp;&nbsp;Casa do Ch\u00e1 do Faial 3,1 km<br \/>\n&nbsp;&nbsp;&nbsp;&nbsp;&nbsp;&nbsp;&nbsp;&nbsp;&nbsp;&nbsp;&nbsp;&nbsp;&nbsp;&nbsp;&nbsp;&nbsp;&nbsp;&nbsp;&nbsp;&nbsp;&nbsp;&nbsp;&nbsp;&nbsp;&nbsp;&nbsp;&nbsp;&nbsp;&nbsp;&nbsp;&nbsp;&nbsp;&nbsp;&nbsp;&nbsp;&nbsp;&nbsp;&nbsp;&nbsp;&nbsp;&nbsp;&nbsp;FA\u00cdSCA \u2013 Ribeiro Frio 5km<br \/>\n<!--LOOK FOR POSSIBILITY: \u00ab AT MOINHO \u00bb or\n&nbsp;&nbsp;&nbsp;&nbsp;&nbsp;&nbsp;&nbsp;&nbsp;&nbsp;&nbsp;&nbsp;&nbsp;&nbsp;&nbsp;&nbsp;&nbsp;&nbsp;&nbsp;&nbsp;&nbsp;&nbsp;&nbsp;&nbsp;&nbsp;&nbsp;&nbsp;&nbsp;&nbsp;&nbsp;&nbsp;&nbsp;&nbsp;&nbsp;&nbsp;&nbsp;&nbsp;&nbsp;&nbsp;\u00ab HAVE A MEAL AT HOME WIH A COUNTRY FAMILY \u00bb--><\/p>\n<p>S H O P P I N G<\/strong><br \/>\nMINIMARKET &nbsp;&nbsp;&nbsp;&nbsp;&nbsp;&nbsp;&nbsp;&nbsp;&nbsp;&nbsp;&nbsp;&nbsp;&nbsp;CLOSE CASA DO CH\u00c1 DO FAIAL<br \/>\nSUPERMARKET &nbsp;&nbsp;&nbsp;&nbsp;&nbsp;&nbsp;&nbsp;&nbsp;&nbsp;&nbsp;&nbsp;&nbsp;CONTINENTE 10:00 \u2013 21:00 SANTANA<br \/>\nMARKET PRODUTS BIO &nbsp;&nbsp;&nbsp;&nbsp;&nbsp;IN FRONT OF TOWN HALL \u2013 FRYDAY-SATURDAY AND SUNDAY<\/p>\n<p><strong>&nbsp;&nbsp;<\/p>\n<p style=\"font-family: 'Ink Free';font-size: 20px;\"><span style=\"background-color:yellow\">New<\/span>&nbsp;&nbsp;&nbsp;&nbsp;Very close&nbsp;&nbsp;&nbsp;&nbsp;&nbsp;&nbsp;&nbsp;&nbsp;<span style=\"background-color:turquoise\">Bar  Cruzinhas<\/span>&nbsp;&nbsp;&nbsp;&nbsp;&nbsp;&nbsp;&nbsp;&nbsp;&nbsp;&nbsp;&nbsp;&nbsp;&nbsp;Mrs Cid\u00e1lia<br \/>\n&nbsp;&nbsp;&nbsp;&nbsp;&nbsp;&nbsp;&nbsp;&nbsp;&nbsp;&nbsp;The best &nbsp;&nbsp;&nbsp;&nbsp;&nbsp;&nbsp;&nbsp;\u201cPoncha de Funcho\u201d &nbsp;&nbsp;&nbsp;&nbsp;&nbsp;&nbsp;\u201cFennel\tPoncha\u201d<br \/>\n&nbsp;&nbsp;&nbsp;&nbsp;&nbsp;&nbsp;&nbsp;&nbsp;&nbsp;&nbsp;Also&nbsp;&nbsp;&nbsp;&nbsp;&nbsp;&nbsp;&nbsp;&nbsp;&nbsp;&nbsp;&nbsp;&nbsp;&nbsp;&nbsp;&nbsp;\u201cPoncha de Hortel\u00e3\u201d&nbsp;&nbsp;&nbsp;&nbsp;&nbsp;&nbsp;\u201cMint  \tPoncha\u201d<br \/>\n&nbsp;&nbsp;&nbsp;&nbsp;&nbsp;&nbsp;&nbsp;&nbsp;&nbsp;&nbsp;Traditional&nbsp;&nbsp;&nbsp;&nbsp;&nbsp;&nbsp;\u201cPoncha de Lim\u00e3o\u201d&nbsp;&nbsp;&nbsp;&nbsp;&nbsp;&nbsp;&nbsp;&nbsp;\u201cLemon \tPoncha\u201d<\/p>\n<p style=\"font-family: 'Ink Free';font-size: 20px;color:darkblue\">\n<span style=\"background-color:yellow;\">Old . . .<\/span> &nbsp;&nbsp;\tTHE BEST KITCHEN OF MADEIRA + Ponchas<br \/>\n&nbsp;&nbsp;&nbsp;&nbsp;&nbsp;&nbsp;&nbsp;&nbsp;&nbsp;&nbsp;&nbsp;&nbsp;&nbsp;A 5 Km to the montain  Ribeiro Frio \u2013 <span style=\"background-color:turquoise\">FA\u00cdSCA * * * * *<\/span><\/p>\n<p><\/strong><\/p>\n<h3>Restaurants around &#8220;our sugestion&#8221;<\/h3>\n<p><img decoding=\"async\" src=\"http:\/\/moinhodocomandante.com\/wp-content\/uploads\/2016\/03\/Capturar1.png\" \/><\/p>\n<hr \/>\n<p><strong>3 BUS Stop, near MOINHO:<br \/>\n1st,&nbsp; leaving Moinho turn right taking the old road \u201cCaminho Real\u201d<br \/>\n&nbsp;&nbsp;&nbsp;&nbsp;&nbsp; Old road between Santana and Funchal up till road 103<br \/>\n2nd,&nbsp; leaving Moinho turn left by the bridge go up till road 103 and &#8230;<br \/>\n&nbsp;&nbsp;&nbsp;&nbsp;&nbsp; Turn left down 100 mts or &nbsp;&nbsp;&nbsp;<br \/>\n3rd&nbsp;&nbsp; turn right up 200 mts<\/strong><br \/>\n&nbsp;&nbsp;&nbsp;&nbsp;&nbsp; SEE SITE \u2013 <a href=\"http:\/\/www.horariosdofunchal.pt\/\" target=\"_blank\">WWW.HORARIOSDOFUNCHAL.PT<\/a><\/strong><\/p>\n<p>HAVE A NICE STAY<br \/>\nTHANKS FOR BEING WITH US<br \/>\n<span style=\"font-family: Mistral;font-size: 17px\">&nbsp;&nbsp;&nbsp;&nbsp;&nbsp;&nbsp;&nbsp;&nbsp;&nbsp;&nbsp;&nbsp;&nbsp;&nbsp;&nbsp;&nbsp;&nbsp;&nbsp;&nbsp;&nbsp;&nbsp;&nbsp;&nbsp;&nbsp;&nbsp;&nbsp;&nbsp;&nbsp;&nbsp;&nbsp;&nbsp;&nbsp;&nbsp;&nbsp;&nbsp;&nbsp;&nbsp;&nbsp;&nbsp;&nbsp;&nbsp;&nbsp;&nbsp;&nbsp;&nbsp;&nbsp;&nbsp;&nbsp;&nbsp;&nbsp;&nbsp;&nbsp;&nbsp;&nbsp;&nbsp;&nbsp;&nbsp;&nbsp;&nbsp;&nbsp;&nbsp;&nbsp;&nbsp;&nbsp;&nbsp;&nbsp;&nbsp;&nbsp;Carlos&nbsp; e &nbsp;Leonor<\/span><\/p>\n<hr \/>","protected":false},"excerpt":{"rendered":"<p>Information Faial Farmacy Close to the first roundup in entrance way Funchal &#8211; Santana 291 572 110 \/ 291 572 113 ana.reiscardoso@gmail.com Sunday to Friday 09-13:00 \/ 14-20:00 Saturday \u00a0\u00a0\u00a0\u00a0\u00a0\u00a0\u00a0\u00a009-13:00 Centro de Sa\u00fade \u00ab \u00bb Health Care Estrada Regional 213 do Faial, no 96, S\u00edtio do Guindaste, 9230-052 FAIAL 291 572 302 \/ cs.faial@srs.pt Santana<br \/><a class=\"moretag\" href=\"http:\/\/moinhodocomandante.com\/en\/verlinks\/\">+ Read More<\/a><\/p>\n","protected":false},"author":1,"featured_media":0,"parent":0,"menu_order":0,"comment_status":"closed","ping_status":"closed","template":"template_parts\/page-fullwidth_template.php","meta":{"footnotes":""},"_links":{"self":[{"href":"http:\/\/moinhodocomandante.com\/en\/wp-json\/wp\/v2\/pages\/33"}],"collection":[{"href":"http:\/\/moinhodocomandante.com\/en\/wp-json\/wp\/v2\/pages"}],"about":[{"href":"http:\/\/moinhodocomandante.com\/en\/wp-json\/wp\/v2\/types\/page"}],"author":[{"embeddable":true,"href":"http:\/\/moinhodocomandante.com\/en\/wp-json\/wp\/v2\/users\/1"}],"replies":[{"embeddable":true,"href":"http:\/\/moinhodocomandante.com\/en\/wp-json\/wp\/v2\/comments?post=33"}],"version-history":[{"count":354,"href":"http:\/\/moinhodocomandante.com\/en\/wp-json\/wp\/v2\/pages\/33\/revisions"}],"predecessor-version":[{"id":1447,"href":"http:\/\/moinhodocomandante.com\/en\/wp-json\/wp\/v2\/pages\/33\/revisions\/1447"}],"wp:attachment":[{"href":"http:\/\/moinhodocomandante.com\/en\/wp-json\/wp\/v2\/media?parent=33"}],"curies":[{"name":"wp","href":"https:\/\/api.w.org\/{rel}","templated":true}]}}